{"id":215,"date":"2021-02-03T14:17:55","date_gmt":"2021-02-03T19:17:55","guid":{"rendered":"https:\/\/savoir-faire-textile.com\/?post_type=project&#038;p=215"},"modified":"2021-02-25T09:34:19","modified_gmt":"2021-02-25T14:34:19","slug":"wampum","status":"publish","type":"project","link":"https:\/\/www.savoir-faire-textile.com\/fr\/project\/wampum\/","title":{"rendered":"Wampum"},"content":{"rendered":"<p>[et_pb_section fb_built=\u00a0\u00bb1&Prime; admin_label=\u00a0\u00bbHero\u00a0\u00bb _builder_version=\u00a0\u00bb4.8.2&Prime; background_color=\u00a0\u00bb#f7982a\u00a0\u00bb background_enable_image=\u00a0\u00bboff\u00a0\u00bb custom_padding=\u00a0\u00bb12px||6px|||\u00a0\u00bb animation_style=\u00a0\u00bbzoom\u00a0\u00bb animation_intensity_zoom=\u00a0\u00bb4%\u00a0\u00bb][et_pb_row _builder_version=\u00a0\u00bb4.8.2&Prime; background_size=\u00a0\u00bbinitial\u00a0\u00bb background_position=\u00a0\u00bbtop_left\u00a0\u00bb background_repeat=\u00a0\u00bbrepeat\u00a0\u00bb custom_padding=\u00a0\u00bb|||\u00a0\u00bb animation_style=\u00a0\u00bbslide\u00a0\u00bb animation_direction=\u00a0\u00bbtop\u00a0\u00bb animation_intensity_slide=\u00a0\u00bb3%\u00a0\u00bb][et_pb_column type=\u00a0\u00bb4_4&Prime; _builder_version=\u00a0\u00bb3.25&Prime; custom_padding=\u00a0\u00bb|||\u00a0\u00bb custom_padding__hover=\u00a0\u00bb|||\u00a0\u00bb][et_pb_text _builder_version=\u00a0\u00bb4.8.2&Prime; text_font=\u00a0\u00bbMontserrat|600||on|||||\u00a0\u00bb text_text_color=\u00a0\u00bb#FFFFFF\u00a0\u00bb text_font_size=\u00a0\u00bb20px\u00a0\u00bb text_letter_spacing=\u00a0\u00bb3px\u00a0\u00bb text_line_height=\u00a0\u00bb1.3em\u00a0\u00bb background_size=\u00a0\u00bbinitial\u00a0\u00bb background_position=\u00a0\u00bbtop_left\u00a0\u00bb background_repeat=\u00a0\u00bbrepeat\u00a0\u00bb custom_margin=\u00a0\u00bb||10px|||\u00a0\u00bb animation_style=\u00a0\u00bbslide\u00a0\u00bb animation_direction=\u00a0\u00bbbottom\u00a0\u00bb locked=\u00a0\u00bboff\u00a0\u00bb]<\/p>\n<p>En m\u00e9diation culturelle<\/p>\n<p>[\/et_pb_text][et_pb_text _builder_version=\u00a0\u00bb4.8.2&Prime; text_font=\u00a0\u00bb||||||||\u00a0\u00bb text_text_color=\u00a0\u00bb#FFFFFF\u00a0\u00bb text_font_size=\u00a0\u00bb12px\u00a0\u00bb header_font=\u00a0\u00bbMontserrat|600|||||||\u00a0\u00bb header_text_color=\u00a0\u00bb#FFFFFF\u00a0\u00bb header_font_size=\u00a0\u00bb50px\u00a0\u00bb background_size=\u00a0\u00bbinitial\u00a0\u00bb background_position=\u00a0\u00bbtop_left\u00a0\u00bb background_repeat=\u00a0\u00bbrepeat\u00a0\u00bb background_layout=\u00a0\u00bbdark\u00a0\u00bb custom_margin=\u00a0\u00bb-3px|||||\u00a0\u00bb animation_style=\u00a0\u00bbfade\u00a0\u00bb header_font_size_last_edited=\u00a0\u00bboff|desktop\u00a0\u00bb locked=\u00a0\u00bboff\u00a0\u00bb]<\/p>\n<h1>Projet WAMPUM<\/h1>\n<p>[\/et_pb_text][\/et_pb_column][\/et_pb_row][\/et_pb_section][et_pb_section fb_built=\u00a0\u00bb1&Prime; admin_label=\u00a0\u00bbCase Study Text\u00a0\u00bb _builder_version=\u00a0\u00bb3.22&Prime; custom_margin=\u00a0\u00bb|||\u00a0\u00bb custom_padding=\u00a0\u00bb60px||30px|||\u00a0\u00bb][et_pb_row _builder_version=\u00a0\u00bb4.8.2&Prime; background_size=\u00a0\u00bbinitial\u00a0\u00bb background_position=\u00a0\u00bbtop_left\u00a0\u00bb background_repeat=\u00a0\u00bbrepeat\u00a0\u00bb animation_style=\u00a0\u00bbfade\u00a0\u00bb][et_pb_column type=\u00a0\u00bb4_4&Prime; _builder_version=\u00a0\u00bb3.25&Prime; custom_padding=\u00a0\u00bb|||\u00a0\u00bb custom_padding__hover=\u00a0\u00bb|||\u00a0\u00bb][et_pb_text _builder_version=\u00a0\u00bb4.8.2&Prime; text_font=\u00a0\u00bbMontserrat||||\u00a0\u00bb text_text_color=\u00a0\u00bb#353740&Prime; text_font_size=\u00a0\u00bb18px\u00a0\u00bb text_line_height=\u00a0\u00bb1.5em\u00a0\u00bb background_size=\u00a0\u00bbinitial\u00a0\u00bb background_position=\u00a0\u00bbtop_left\u00a0\u00bb background_repeat=\u00a0\u00bbrepeat\u00a0\u00bb animation_style=\u00a0\u00bbflip\u00a0\u00bb animation_intensity_flip=\u00a0\u00bb20%\u00a0\u00bb hover_enabled=\u00a0\u00bb0&Prime; sticky_enabled=\u00a0\u00bb0&Prime;]<\/p>\n<h3><strong>2019-Projet WAMPUM \u00ab\u00a0Soignons toutes nos relations\u00a0\u00bb<\/strong><\/h3>\n<p><span style=\"font-size: 18px;\"><span>2,16 m x ,55 m<\/span><br \/> R\u00e9sidence d&rsquo;artiste mise sur pied par l&rsquo;Association <\/span><a href=\"https:\/\/www.facebook.com\/atout.laine\" target=\"_blank\" rel=\"noopener noreferrer\" style=\"font-size: 18px;\">AtoutLaine<br \/> <\/a><span style=\"font-size: 18px;\">et Formation <\/span><a href=\"https:\/\/www.facebook.com\/krystelchavignydesigntextilefeutre\/events\/\" target=\"_blank\" rel=\"noopener noreferrer\" style=\"font-size: 18px;\">Feutre France\u00a0<\/a><span style=\"font-size: 18px;\">sur le th\u00e8me de l&rsquo;\u00c9COLOGIE dans la Communaut\u00e9 de Montbrun Bocage, France; 10 jours dont 5 jours avec les 46 \u00e9l\u00e8ves de l&rsquo;\u00e9cole primaire et 2 jours lors des Journ\u00e9es Nationales de la laine \u00e0 Montbrun Bocage.<\/span><\/p>\n<p>[\/et_pb_text][et_pb_text _builder_version=\u00a0\u00bb4.8.2&Prime; text_font=\u00a0\u00bbMontserrat||||\u00a0\u00bb text_text_color=\u00a0\u00bb#353740&Prime; text_font_size=\u00a0\u00bb18px\u00a0\u00bb text_line_height=\u00a0\u00bb1.5em\u00a0\u00bb background_size=\u00a0\u00bbinitial\u00a0\u00bb background_position=\u00a0\u00bbtop_left\u00a0\u00bb background_repeat=\u00a0\u00bbrepeat\u00a0\u00bb animation_style=\u00a0\u00bbflip\u00a0\u00bb animation_intensity_flip=\u00a0\u00bb20%\u00a0\u00bb]<\/p>\n<p><strong>D\u00e9claration:<\/strong><br \/> <em>\u00ab\u00a0Nous avons fabriqu\u00e9 ce wampum en laine chaleureuse<\/em><br \/><em> Pour signifier notre attachement \u00e0 toutes les Beaut\u00e9s de la Terre,<\/em><br \/><em> Pour affirmer notre responsabilit\u00e9 de favoriser des liens harmonieux<\/em><br \/><em> entre tous les r\u00e8gnes de la nature,<\/em><br \/><em> Pour initier des gestes cr\u00e9ateurs, personnels et collectifs,<\/em><br \/><em> qui nourrissent un sentiment de fiert\u00e9<\/em><br \/><em> tout en soutenant les syst\u00e8mes \u00e9cologiques dans le besoin\u00a0\u00bb.<\/em><\/p>\n<p>[\/et_pb_text][\/et_pb_column][\/et_pb_row][\/et_pb_section][et_pb_section fb_built=\u00a0\u00bb1&Prime; make_equal=\u00a0\u00bbon\u00a0\u00bb use_custom_gutter=\u00a0\u00bbon\u00a0\u00bb gutter_width=\u00a0\u00bb1&Prime; specialty=\u00a0\u00bbon\u00a0\u00bb padding_top_1=\u00a0\u00bb0px\u00a0\u00bb admin_label=\u00a0\u00bbWork Section\u00a0\u00bb _builder_version=\u00a0\u00bb3.22&Prime; custom_padding=\u00a0\u00bb33px||57px|||\u00a0\u00bb locked=\u00a0\u00bboff\u00a0\u00bb][et_pb_column type=\u00a0\u00bb1_2&Prime; _builder_version=\u00a0\u00bb3.25&Prime; custom_padding=\u00a0\u00bb|||\u00a0\u00bb padding_top__hover=\u00a0\u00bb0px\u00a0\u00bb parallax__hover=\u00a0\u00bboff\u00a0\u00bb parallax_method__hover=\u00a0\u00bbon\u00a0\u00bb custom_padding__hover=\u00a0\u00bb|||\u00a0\u00bb][et_pb_image src=\u00a0\u00bbhttps:\/\/savoir-faire-textile.com\/wp-content\/uploads\/2021\/02\/Wampum4.jpg\u00a0\u00bb alt=\u00a0\u00bbCulture \u00e0 l&rsquo;\u00e9cole &#8211; Les ateliers d&rsquo;un pas feutr\u00e9\u00a0\u00bb title_text=\u00a0\u00bbWampum4&Prime; show_in_lightbox=\u00a0\u00bbon\u00a0\u00bb use_overlay=\u00a0\u00bbon\u00a0\u00bb overlay_icon_color=\u00a0\u00bb#FFFFFF\u00a0\u00bb hover_overlay_color=\u00a0\u00bbRGBA(0,0,0,0)\u00a0\u00bb hover_icon=\u00a0\u00bb%%47%%\u00a0\u00bb align_tablet=\u00a0\u00bbcenter\u00a0\u00bb align_phone=\u00a0\u00bb\u00a0\u00bb align_last_edited=\u00a0\u00bbon|desktop\u00a0\u00bb _builder_version=\u00a0\u00bb4.8.2&Prime; animation_style=\u00a0\u00bbflip\u00a0\u00bb box_shadow_style=\u00a0\u00bbpreset7&Prime; box_shadow_horizontal=\u00a0\u00bb0px\u00a0\u00bb box_shadow_vertical=\u00a0\u00bb0px\u00a0\u00bb box_shadow_spread=\u00a0\u00bb10px\u00a0\u00bb box_shadow_color=\u00a0\u00bb#ffffff\u00a0\u00bb][\/et_pb_image][\/et_pb_column][et_pb_column type=\u00a0\u00bb1_2&Prime; specialty_columns=\u00a0\u00bb2&Prime; _builder_version=\u00a0\u00bb3.25&Prime; custom_padding=\u00a0\u00bb|||\u00a0\u00bb parallax__hover=\u00a0\u00bboff\u00a0\u00bb parallax_method__hover=\u00a0\u00bbon\u00a0\u00bb custom_padding__hover=\u00a0\u00bb|||\u00a0\u00bb][et_pb_row_inner _builder_version=\u00a0\u00bb3.25&Prime; custom_padding=\u00a0\u00bb0px||0px|\u00a0\u00bb][et_pb_column_inner saved_specialty_column_type=\u00a0\u00bb1_2&Prime; _builder_version=\u00a0\u00bb3.25&Prime; custom_padding=\u00a0\u00bb|||\u00a0\u00bb parallax__hover=\u00a0\u00bboff\u00a0\u00bb parallax_method__hover=\u00a0\u00bbon\u00a0\u00bb custom_padding__hover=\u00a0\u00bb|||\u00a0\u00bb][et_pb_image src=\u00a0\u00bbhttps:\/\/savoir-faire-textile.com\/wp-content\/uploads\/2021\/02\/Wampum1.jpg\u00a0\u00bb alt=\u00a0\u00bbCulture \u00e0 l&rsquo;\u00e9cole &#8211; Les ateliers d&rsquo;un pas feutr\u00e9\u00a0\u00bb title_text=\u00a0\u00bbWampum1&Prime; show_in_lightbox=\u00a0\u00bbon\u00a0\u00bb use_overlay=\u00a0\u00bbon\u00a0\u00bb overlay_icon_color=\u00a0\u00bb#FFFFFF\u00a0\u00bb hover_overlay_color=\u00a0\u00bbRGBA(0,0,0,0)\u00a0\u00bb hover_icon=\u00a0\u00bb%%47%%\u00a0\u00bb align_tablet=\u00a0\u00bbcenter\u00a0\u00bb align_phone=\u00a0\u00bb\u00a0\u00bb align_last_edited=\u00a0\u00bbon|desktop\u00a0\u00bb _builder_version=\u00a0\u00bb4.8.2&Prime; animation_style=\u00a0\u00bbflip\u00a0\u00bb animation_direction=\u00a0\u00bbright\u00a0\u00bb box_shadow_style=\u00a0\u00bbpreset7&Prime; box_shadow_horizontal=\u00a0\u00bb0px\u00a0\u00bb box_shadow_vertical=\u00a0\u00bb0px\u00a0\u00bb box_shadow_spread=\u00a0\u00bb10px\u00a0\u00bb box_shadow_color=\u00a0\u00bb#ffffff\u00a0\u00bb][\/et_pb_image][\/et_pb_column_inner][\/et_pb_row_inner][et_pb_row_inner column_structure=\u00a0\u00bb1_2,1_2&Prime; _builder_version=\u00a0\u00bb3.25&Prime; custom_padding=\u00a0\u00bb0px||0px|\u00a0\u00bb][et_pb_column_inner type=\u00a0\u00bb1_2&Prime; saved_specialty_column_type=\u00a0\u00bb1_2&Prime; _builder_version=\u00a0\u00bb3.25&Prime; custom_padding=\u00a0\u00bb|||\u00a0\u00bb parallax__hover=\u00a0\u00bboff\u00a0\u00bb parallax_method__hover=\u00a0\u00bbon\u00a0\u00bb custom_padding__hover=\u00a0\u00bb|||\u00a0\u00bb][et_pb_image src=\u00a0\u00bbhttps:\/\/savoir-faire-textile.com\/wp-content\/uploads\/2021\/02\/Wampum3.jpg\u00a0\u00bb alt=\u00a0\u00bbCulture \u00e0 l&rsquo;\u00e9cole &#8211; Les ateliers d&rsquo;un pas feutr\u00e9\u00a0\u00bb title_text=\u00a0\u00bbWampum3&Prime; show_in_lightbox=\u00a0\u00bbon\u00a0\u00bb use_overlay=\u00a0\u00bbon\u00a0\u00bb overlay_icon_color=\u00a0\u00bb#FFFFFF\u00a0\u00bb hover_overlay_color=\u00a0\u00bbRGBA(0,0,0,0)\u00a0\u00bb hover_icon=\u00a0\u00bb%%47%%\u00a0\u00bb align_tablet=\u00a0\u00bbcenter\u00a0\u00bb align_phone=\u00a0\u00bb\u00a0\u00bb align_last_edited=\u00a0\u00bbon|desktop\u00a0\u00bb _builder_version=\u00a0\u00bb4.8.2&Prime; animation_style=\u00a0\u00bbflip\u00a0\u00bb animation_direction=\u00a0\u00bbright\u00a0\u00bb box_shadow_style=\u00a0\u00bbpreset7&Prime; box_shadow_horizontal=\u00a0\u00bb0px\u00a0\u00bb box_shadow_vertical=\u00a0\u00bb0px\u00a0\u00bb box_shadow_spread=\u00a0\u00bb10px\u00a0\u00bb box_shadow_color=\u00a0\u00bb#ffffff\u00a0\u00bb][\/et_pb_image][\/et_pb_column_inner][et_pb_column_inner type=\u00a0\u00bb1_2&Prime; saved_specialty_column_type=\u00a0\u00bb1_2&Prime; _builder_version=\u00a0\u00bb3.25&Prime; custom_padding=\u00a0\u00bb|||\u00a0\u00bb parallax__hover=\u00a0\u00bboff\u00a0\u00bb parallax_method__hover=\u00a0\u00bbon\u00a0\u00bb custom_padding__hover=\u00a0\u00bb|||\u00a0\u00bb][et_pb_image src=\u00a0\u00bbhttps:\/\/savoir-faire-textile.com\/wp-content\/uploads\/2021\/02\/Wampum2.jpg\u00a0\u00bb title_text=\u00a0\u00bbWampum2&Prime; show_in_lightbox=\u00a0\u00bbon\u00a0\u00bb use_overlay=\u00a0\u00bbon\u00a0\u00bb overlay_icon_color=\u00a0\u00bb#FFFFFF\u00a0\u00bb hover_overlay_color=\u00a0\u00bbRGBA(0,0,0,0)\u00a0\u00bb hover_icon=\u00a0\u00bb%%47%%\u00a0\u00bb align_tablet=\u00a0\u00bbcenter\u00a0\u00bb align_phone=\u00a0\u00bb\u00a0\u00bb align_last_edited=\u00a0\u00bbon|desktop\u00a0\u00bb _builder_version=\u00a0\u00bb4.8.2&Prime; animation_style=\u00a0\u00bbflip\u00a0\u00bb animation_direction=\u00a0\u00bbright\u00a0\u00bb box_shadow_style=\u00a0\u00bbpreset7&Prime; box_shadow_horizontal=\u00a0\u00bb0px\u00a0\u00bb box_shadow_vertical=\u00a0\u00bb0px\u00a0\u00bb box_shadow_spread=\u00a0\u00bb10px\u00a0\u00bb box_shadow_color=\u00a0\u00bb#ffffff\u00a0\u00bb][\/et_pb_image][\/et_pb_column_inner][\/et_pb_row_inner][\/et_pb_column][\/et_pb_section][et_pb_section fb_built=\u00a0\u00bb1&Prime; _builder_version=\u00a0\u00bb4.8.2&Prime; _module_preset=\u00a0\u00bbdefault\u00a0\u00bb][et_pb_row _builder_version=\u00a0\u00bb4.8.2&Prime; _module_preset=\u00a0\u00bbdefault\u00a0\u00bb][et_pb_column type=\u00a0\u00bb4_4&Prime; _builder_version=\u00a0\u00bb4.8.2&Prime; _module_preset=\u00a0\u00bbdefault\u00a0\u00bb][et_pb_button button_url=\u00a0\u00bb\/portfolio-mediation-culturelle\/\u00a0\u00bb button_text=\u00a0\u00bbRETOUR AUX PROJETS\u00a0\u00bb button_alignment=\u00a0\u00bbcenter\u00a0\u00bb _builder_version=\u00a0\u00bb4.8.2&Prime; custom_button=\u00a0\u00bbon\u00a0\u00bb button_text_size=\u00a0\u00bb18px\u00a0\u00bb button_text_color=\u00a0\u00bb#000000&Prime; button_border_width=\u00a0\u00bb4px\u00a0\u00bb button_border_color=\u00a0\u00bb#000000&Prime; button_border_radius=\u00a0\u00bb100px\u00a0\u00bb button_letter_spacing=\u00a0\u00bb2px\u00a0\u00bb button_font=\u00a0\u00bbMontserrat|600||on|||||\u00a0\u00bb button_icon=\u00a0\u00bb%%2%%\u00a0\u00bb button_icon_placement=\u00a0\u00bbleft\u00a0\u00bb animation_style=\u00a0\u00bbfade\u00a0\u00bb button_text_color_hover=\u00a0\u00bb#ffffff\u00a0\u00bb button_border_color_hover=\u00a0\u00bb#ffffff\u00a0\u00bb button_letter_spacing_hover=\u00a0\u00bb2px\u00a0\u00bb button_bg_color_hover=\u00a0\u00bbrgba(0,0,0,0)\u00a0\u00bb locked=\u00a0\u00bboff\u00a0\u00bb button_text_size__hover_enabled=\u00a0\u00bboff\u00a0\u00bb button_one_text_size__hover_enabled=\u00a0\u00bboff\u00a0\u00bb button_two_text_size__hover_enabled=\u00a0\u00bboff\u00a0\u00bb button_text_color__hover_enabled=\u00a0\u00bbon\u00a0\u00bb button_text_color__hover=\u00a0\u00bb#D21871&Prime; button_one_text_color__hover_enabled=\u00a0\u00bboff\u00a0\u00bb button_two_text_color__hover_enabled=\u00a0\u00bboff\u00a0\u00bb button_border_width__hover_enabled=\u00a0\u00bboff\u00a0\u00bb button_one_border_width__hover_enabled=\u00a0\u00bboff\u00a0\u00bb button_two_border_width__hover_enabled=\u00a0\u00bboff\u00a0\u00bb button_border_color__hover_enabled=\u00a0\u00bbon\u00a0\u00bb button_border_color__hover=\u00a0\u00bb#D21871&Prime; button_one_border_color__hover_enabled=\u00a0\u00bboff\u00a0\u00bb button_two_border_color__hover_enabled=\u00a0\u00bboff\u00a0\u00bb button_border_radius__hover_enabled=\u00a0\u00bboff\u00a0\u00bb button_one_border_radius__hover_enabled=\u00a0\u00bboff\u00a0\u00bb button_two_border_radius__hover_enabled=\u00a0\u00bboff\u00a0\u00bb button_letter_spacing__hover_enabled=\u00a0\u00bbon\u00a0\u00bb button_letter_spacing__hover=\u00a0\u00bb2px\u00a0\u00bb button_one_letter_spacing__hover_enabled=\u00a0\u00bboff\u00a0\u00bb button_two_letter_spacing__hover_enabled=\u00a0\u00bboff\u00a0\u00bb button_bg_color__hover_enabled=\u00a0\u00bbon|hover\u00a0\u00bb button_bg_color__hover=\u00a0\u00bbRGBA(0,0,0,0)\u00a0\u00bb button_one_bg_color__hover_enabled=\u00a0\u00bboff\u00a0\u00bb button_two_bg_color__hover_enabled=\u00a0\u00bboff\u00a0\u00bb button_bg_enable_color__hover=\u00a0\u00bbon\u00a0\u00bb][\/et_pb_button][\/et_pb_column][\/et_pb_row][\/et_pb_section]<\/p>\n","protected":false},"excerpt":{"rendered":"<p>En m\u00e9diation culturelleProjet WAMPUM2019-Projet WAMPUM \u00ab\u00a0Soignons toutes nos relations\u00a0\u00bb 2,16 m x ,55 m R\u00e9sidence d&rsquo;artiste mise sur pied par l&rsquo;Association AtoutLaine et Formation Feutre France\u00a0sur le th\u00e8me de l&rsquo;\u00c9COLOGIE dans la Communaut\u00e9 de Montbrun Bocage, France; 10 jours dont 5 jours avec les 46 \u00e9l\u00e8ves de l&rsquo;\u00e9cole primaire et 2 jours lors des Journ\u00e9es [&hellip;]<\/p>\n","protected":false},"author":3,"featured_media":225,"comment_status":"closed","ping_status":"closed","template":"","meta":{"_et_pb_use_builder":"on","_et_pb_old_content":"","_et_gb_content_width":""},"project_category":[6],"project_tag":[],"yoast_head":"<!-- This site is optimized with the Yoast SEO plugin v20.7 - https:\/\/yoast.com\/wordpress\/plugins\/seo\/ -->\n<title>Wampum - Diane Gonthier<\/title>\n<meta name=\"robots\" content=\"index, follow, max-snippet:-1, max-image-preview:large, max-video-preview:-1\" \/>\n<link rel=\"canonical\" href=\"https:\/\/www.savoir-faire-textile.com\/fr\/project\/wampum\/\" \/>\n<meta property=\"og:locale\" content=\"fr_FR\" \/>\n<meta property=\"og:type\" content=\"article\" \/>\n<meta property=\"og:title\" content=\"Wampum - Diane Gonthier\" \/>\n<meta property=\"og:description\" content=\"En m\u00e9diation culturelleProjet WAMPUM2019-Projet WAMPUM \u00ab\u00a0Soignons toutes nos relations\u00a0\u00bb 2,16 m x ,55 m R\u00e9sidence d&#039;artiste mise sur pied par l&#039;Association AtoutLaine et Formation Feutre France\u00a0sur le th\u00e8me de l&#039;\u00c9COLOGIE dans la Communaut\u00e9 de Montbrun Bocage, France; 10 jours dont 5 jours avec les 46 \u00e9l\u00e8ves de l&#039;\u00e9cole primaire et 2 jours lors des Journ\u00e9es [&hellip;]\" \/>\n<meta property=\"og:url\" content=\"https:\/\/www.savoir-faire-textile.com\/fr\/project\/wampum\/\" \/>\n<meta property=\"og:site_name\" content=\"Diane Gonthier\" \/>\n<meta property=\"article:modified_time\" content=\"2021-02-25T14:34:19+00:00\" \/>\n<meta property=\"og:image\" content=\"https:\/\/www.savoir-faire-textile.com\/wp-content\/uploads\/2021\/02\/Wampum4.jpg\" \/>\n\t<meta property=\"og:image:width\" content=\"800\" \/>\n\t<meta property=\"og:image:height\" content=\"800\" \/>\n\t<meta property=\"og:image:type\" content=\"image\/jpeg\" \/>\n<meta name=\"twitter:card\" content=\"summary_large_image\" \/>\n<meta name=\"twitter:label1\" content=\"Dur\u00e9e de lecture estim\u00e9e\" \/>\n\t<meta name=\"twitter:data1\" content=\"6 minutes\" \/>\n<script type=\"application\/ld+json\" class=\"yoast-schema-graph\">{\"@context\":\"https:\/\/schema.org\",\"@graph\":[{\"@type\":\"WebPage\",\"@id\":\"https:\/\/www.savoir-faire-textile.com\/fr\/project\/wampum\/\",\"url\":\"https:\/\/www.savoir-faire-textile.com\/fr\/project\/wampum\/\",\"name\":\"Wampum - Diane Gonthier\",\"isPartOf\":{\"@id\":\"https:\/\/www.savoir-faire-textile.com\/fr\/#website\"},\"datePublished\":\"2021-02-03T19:17:55+00:00\",\"dateModified\":\"2021-02-25T14:34:19+00:00\",\"breadcrumb\":{\"@id\":\"https:\/\/www.savoir-faire-textile.com\/fr\/project\/wampum\/#breadcrumb\"},\"inLanguage\":\"fr-FR\",\"potentialAction\":[{\"@type\":\"ReadAction\",\"target\":[\"https:\/\/www.savoir-faire-textile.com\/fr\/project\/wampum\/\"]}]},{\"@type\":\"BreadcrumbList\",\"@id\":\"https:\/\/www.savoir-faire-textile.com\/fr\/project\/wampum\/#breadcrumb\",\"itemListElement\":[{\"@type\":\"ListItem\",\"position\":1,\"name\":\"Accueil\",\"item\":\"https:\/\/www.savoir-faire-textile.com\/fr\/\"},{\"@type\":\"ListItem\",\"position\":2,\"name\":\"Projects\",\"item\":\"https:\/\/www.savoir-faire-textile.com\/en\/project\/\"},{\"@type\":\"ListItem\",\"position\":3,\"name\":\"Wampum\"}]},{\"@type\":\"WebSite\",\"@id\":\"https:\/\/www.savoir-faire-textile.com\/fr\/#website\",\"url\":\"https:\/\/www.savoir-faire-textile.com\/fr\/\",\"name\":\"Diane Gonthier\",\"description\":\"Savoir Faire Textile\",\"publisher\":{\"@id\":\"https:\/\/www.savoir-faire-textile.com\/fr\/#organization\"},\"potentialAction\":[{\"@type\":\"SearchAction\",\"target\":{\"@type\":\"EntryPoint\",\"urlTemplate\":\"https:\/\/www.savoir-faire-textile.com\/fr\/?s={search_term_string}\"},\"query-input\":\"required name=search_term_string\"}],\"inLanguage\":\"fr-FR\"},{\"@type\":\"Organization\",\"@id\":\"https:\/\/www.savoir-faire-textile.com\/fr\/#organization\",\"name\":\"Les ateliers d'un pas feutr\u00e9\",\"url\":\"https:\/\/www.savoir-faire-textile.com\/fr\/\",\"logo\":{\"@type\":\"ImageObject\",\"inLanguage\":\"fr-FR\",\"@id\":\"https:\/\/www.savoir-faire-textile.com\/fr\/#\/schema\/logo\/image\/\",\"url\":\"https:\/\/www.savoir-faire-textile.com\/wp-content\/uploads\/2021\/02\/logo-web-les-ateliers.jpg\",\"contentUrl\":\"https:\/\/www.savoir-faire-textile.com\/wp-content\/uploads\/2021\/02\/logo-web-les-ateliers.jpg\",\"width\":487,\"height\":200,\"caption\":\"Les ateliers d'un pas feutr\u00e9\"},\"image\":{\"@id\":\"https:\/\/www.savoir-faire-textile.com\/fr\/#\/schema\/logo\/image\/\"}}]}<\/script>\n<!-- \/ Yoast SEO plugin. -->","yoast_head_json":{"title":"Wampum - Diane Gonthier","robots":{"index":"index","follow":"follow","max-snippet":"max-snippet:-1","max-image-preview":"max-image-preview:large","max-video-preview":"max-video-preview:-1"},"canonical":"https:\/\/www.savoir-faire-textile.com\/fr\/project\/wampum\/","og_locale":"fr_FR","og_type":"article","og_title":"Wampum - Diane Gonthier","og_description":"En m\u00e9diation culturelleProjet WAMPUM2019-Projet WAMPUM \u00ab\u00a0Soignons toutes nos relations\u00a0\u00bb 2,16 m x ,55 m R\u00e9sidence d'artiste mise sur pied par l'Association AtoutLaine et Formation Feutre France\u00a0sur le th\u00e8me de l'\u00c9COLOGIE dans la Communaut\u00e9 de Montbrun Bocage, France; 10 jours dont 5 jours avec les 46 \u00e9l\u00e8ves de l'\u00e9cole primaire et 2 jours lors des Journ\u00e9es [&hellip;]","og_url":"https:\/\/www.savoir-faire-textile.com\/fr\/project\/wampum\/","og_site_name":"Diane Gonthier","article_modified_time":"2021-02-25T14:34:19+00:00","og_image":[{"width":800,"height":800,"url":"https:\/\/www.savoir-faire-textile.com\/wp-content\/uploads\/2021\/02\/Wampum4.jpg","type":"image\/jpeg"}],"twitter_card":"summary_large_image","twitter_misc":{"Dur\u00e9e de lecture estim\u00e9e":"6 minutes"},"schema":{"@context":"https:\/\/schema.org","@graph":[{"@type":"WebPage","@id":"https:\/\/www.savoir-faire-textile.com\/fr\/project\/wampum\/","url":"https:\/\/www.savoir-faire-textile.com\/fr\/project\/wampum\/","name":"Wampum - Diane Gonthier","isPartOf":{"@id":"https:\/\/www.savoir-faire-textile.com\/fr\/#website"},"datePublished":"2021-02-03T19:17:55+00:00","dateModified":"2021-02-25T14:34:19+00:00","breadcrumb":{"@id":"https:\/\/www.savoir-faire-textile.com\/fr\/project\/wampum\/#breadcrumb"},"inLanguage":"fr-FR","potentialAction":[{"@type":"ReadAction","target":["https:\/\/www.savoir-faire-textile.com\/fr\/project\/wampum\/"]}]},{"@type":"BreadcrumbList","@id":"https:\/\/www.savoir-faire-textile.com\/fr\/project\/wampum\/#breadcrumb","itemListElement":[{"@type":"ListItem","position":1,"name":"Accueil","item":"https:\/\/www.savoir-faire-textile.com\/fr\/"},{"@type":"ListItem","position":2,"name":"Projects","item":"https:\/\/www.savoir-faire-textile.com\/en\/project\/"},{"@type":"ListItem","position":3,"name":"Wampum"}]},{"@type":"WebSite","@id":"https:\/\/www.savoir-faire-textile.com\/fr\/#website","url":"https:\/\/www.savoir-faire-textile.com\/fr\/","name":"Diane Gonthier","description":"Savoir Faire Textile","publisher":{"@id":"https:\/\/www.savoir-faire-textile.com\/fr\/#organization"},"potentialAction":[{"@type":"SearchAction","target":{"@type":"EntryPoint","urlTemplate":"https:\/\/www.savoir-faire-textile.com\/fr\/?s={search_term_string}"},"query-input":"required name=search_term_string"}],"inLanguage":"fr-FR"},{"@type":"Organization","@id":"https:\/\/www.savoir-faire-textile.com\/fr\/#organization","name":"Les ateliers d'un pas feutr\u00e9","url":"https:\/\/www.savoir-faire-textile.com\/fr\/","logo":{"@type":"ImageObject","inLanguage":"fr-FR","@id":"https:\/\/www.savoir-faire-textile.com\/fr\/#\/schema\/logo\/image\/","url":"https:\/\/www.savoir-faire-textile.com\/wp-content\/uploads\/2021\/02\/logo-web-les-ateliers.jpg","contentUrl":"https:\/\/www.savoir-faire-textile.com\/wp-content\/uploads\/2021\/02\/logo-web-les-ateliers.jpg","width":487,"height":200,"caption":"Les ateliers d'un pas feutr\u00e9"},"image":{"@id":"https:\/\/www.savoir-faire-textile.com\/fr\/#\/schema\/logo\/image\/"}}]}},"_links":{"self":[{"href":"https:\/\/www.savoir-faire-textile.com\/fr\/wp-json\/wp\/v2\/project\/215"}],"collection":[{"href":"https:\/\/www.savoir-faire-textile.com\/fr\/wp-json\/wp\/v2\/project"}],"about":[{"href":"https:\/\/www.savoir-faire-textile.com\/fr\/wp-json\/wp\/v2\/types\/project"}],"author":[{"embeddable":true,"href":"https:\/\/www.savoir-faire-textile.com\/fr\/wp-json\/wp\/v2\/users\/3"}],"replies":[{"embeddable":true,"href":"https:\/\/www.savoir-faire-textile.com\/fr\/wp-json\/wp\/v2\/comments?post=215"}],"version-history":[{"count":4,"href":"https:\/\/www.savoir-faire-textile.com\/fr\/wp-json\/wp\/v2\/project\/215\/revisions"}],"predecessor-version":[{"id":26818,"href":"https:\/\/www.savoir-faire-textile.com\/fr\/wp-json\/wp\/v2\/project\/215\/revisions\/26818"}],"wp:featuredmedia":[{"embeddable":true,"href":"https:\/\/www.savoir-faire-textile.com\/fr\/wp-json\/wp\/v2\/media\/225"}],"wp:attachment":[{"href":"https:\/\/www.savoir-faire-textile.com\/fr\/wp-json\/wp\/v2\/media?parent=215"}],"wp:term":[{"taxonomy":"project_category","embeddable":true,"href":"https:\/\/www.savoir-faire-textile.com\/fr\/wp-json\/wp\/v2\/project_category?post=215"},{"taxonomy":"project_tag","embeddable":true,"href":"https:\/\/www.savoir-faire-textile.com\/fr\/wp-json\/wp\/v2\/project_tag?post=215"}],"curies":[{"name":"wp","href":"https:\/\/api.w.org\/{rel}","templated":true}]}}