{"id":293,"date":"2021-01-29T14:00:46","date_gmt":"2021-01-29T19:00:46","guid":{"rendered":"https:\/\/savoir-faire-textile.com\/?post_type=project&#038;p=293"},"modified":"2021-03-10T11:53:37","modified_gmt":"2021-03-10T16:53:37","slug":"au-fil-du-temps-au-fil-de-leau","status":"publish","type":"project","link":"https:\/\/www.savoir-faire-textile.com\/fr\/project\/au-fil-du-temps-au-fil-de-leau\/","title":{"rendered":"Au fil du temps, au fil de l&rsquo;eau"},"content":{"rendered":"\n[et_pb_section fb_built=\u00a0\u00bb1&Prime; admin_label=\u00a0\u00bbHero\u00a0\u00bb _builder_version=\u00a0\u00bb4.8.2&Prime; background_color=\u00a0\u00bb#f7982a\u00a0\u00bb background_enable_image=\u00a0\u00bboff\u00a0\u00bb custom_padding=\u00a0\u00bb0px||0px|||\u00a0\u00bb animation_style=\u00a0\u00bbzoom\u00a0\u00bb animation_intensity_zoom=\u00a0\u00bb4%\u00a0\u00bb][et_pb_row _builder_version=\u00a0\u00bb3.25&Prime; background_size=\u00a0\u00bbinitial\u00a0\u00bb background_position=\u00a0\u00bbtop_left\u00a0\u00bb background_repeat=\u00a0\u00bbrepeat\u00a0\u00bb custom_margin=\u00a0\u00bb-1px|auto||auto||\u00a0\u00bb custom_padding=\u00a0\u00bb42px||15px|||\u00a0\u00bb animation_style=\u00a0\u00bbslide\u00a0\u00bb animation_direction=\u00a0\u00bbtop\u00a0\u00bb animation_intensity_slide=\u00a0\u00bb3%\u00a0\u00bb][et_pb_column type=\u00a0\u00bb4_4&Prime; _builder_version=\u00a0\u00bb3.25&Prime; custom_padding=\u00a0\u00bb|||\u00a0\u00bb custom_padding__hover=\u00a0\u00bb|||\u00a0\u00bb][et_pb_text _builder_version=\u00a0\u00bb4.8.2&Prime; text_font=\u00a0\u00bbMontserrat|600||on|||||\u00a0\u00bb text_text_color=\u00a0\u00bb#FFFFFF\u00a0\u00bb text_font_size=\u00a0\u00bb20px\u00a0\u00bb text_letter_spacing=\u00a0\u00bb3px\u00a0\u00bb text_line_height=\u00a0\u00bb1.3em\u00a0\u00bb background_size=\u00a0\u00bbinitial\u00a0\u00bb background_position=\u00a0\u00bbtop_left\u00a0\u00bb background_repeat=\u00a0\u00bbrepeat\u00a0\u00bb custom_margin=\u00a0\u00bb||9px|||\u00a0\u00bb animation_style=\u00a0\u00bbslide\u00a0\u00bb animation_direction=\u00a0\u00bbbottom\u00a0\u00bb locked=\u00a0\u00bboff\u00a0\u00bb]<p>En m\u00e9diation culturelle<\/p>[\/et_pb_text][et_pb_text _builder_version=\u00a0\u00bb4.8.2&Prime; text_font=\u00a0\u00bb||||||||\u00a0\u00bb text_text_color=\u00a0\u00bb#FFFFFF\u00a0\u00bb text_font_size=\u00a0\u00bb12px\u00a0\u00bb header_font=\u00a0\u00bbMontserrat|600|||||||\u00a0\u00bb header_text_color=\u00a0\u00bb#FFFFFF\u00a0\u00bb header_font_size=\u00a0\u00bb50px\u00a0\u00bb background_size=\u00a0\u00bbinitial\u00a0\u00bb background_position=\u00a0\u00bbtop_left\u00a0\u00bb background_repeat=\u00a0\u00bbrepeat\u00a0\u00bb background_layout=\u00a0\u00bbdark\u00a0\u00bb custom_margin=\u00a0\u00bb-2px||2px|||\u00a0\u00bb animation_style=\u00a0\u00bbfade\u00a0\u00bb header_font_size_last_edited=\u00a0\u00bboff|desktop\u00a0\u00bb locked=\u00a0\u00bboff\u00a0\u00bb]<h1>Au fil du temps, au fil de l&rsquo;eau<\/h1>\n<p>&nbsp;<\/p>[\/et_pb_text][\/et_pb_column][\/et_pb_row][\/et_pb_section][et_pb_section fb_built=\u00a0\u00bb1&Prime; admin_label=\u00a0\u00bbCase Study Text\u00a0\u00bb _builder_version=\u00a0\u00bb3.22&Prime; custom_margin=\u00a0\u00bb-1px|||||\u00a0\u00bb custom_padding=\u00a0\u00bb60px||30px|||\u00a0\u00bb][et_pb_row _builder_version=\u00a0\u00bb4.8.2&Prime; background_size=\u00a0\u00bbinitial\u00a0\u00bb background_position=\u00a0\u00bbtop_left\u00a0\u00bb background_repeat=\u00a0\u00bbrepeat\u00a0\u00bb animation_style=\u00a0\u00bbfade\u00a0\u00bb][et_pb_column type=\u00a0\u00bb4_4&Prime; _builder_version=\u00a0\u00bb3.25&Prime; custom_padding=\u00a0\u00bb|||\u00a0\u00bb custom_padding__hover=\u00a0\u00bb|||\u00a0\u00bb][et_pb_text _builder_version=\u00a0\u00bb4.8.2&Prime; text_font=\u00a0\u00bbMontserrat||||\u00a0\u00bb text_text_color=\u00a0\u00bb#353740&Prime; text_font_size=\u00a0\u00bb18px\u00a0\u00bb text_line_height=\u00a0\u00bb1.5em\u00a0\u00bb background_size=\u00a0\u00bbinitial\u00a0\u00bb background_position=\u00a0\u00bbtop_left\u00a0\u00bb background_repeat=\u00a0\u00bbrepeat\u00a0\u00bb animation_style=\u00a0\u00bbflip\u00a0\u00bb animation_intensity_flip=\u00a0\u00bb20%\u00a0\u00bb hover_enabled=\u00a0\u00bb0&Prime; header_3_font_size=\u00a0\u00bb24px\u00a0\u00bb sticky_enabled=\u00a0\u00bb0&Prime;]<h3><strong>2015 \u00ab Au fil du temps, au fil de l&rsquo;eau\u00a0\u00bb<\/strong><\/h3>\n<p>4,88 m x 1,52 m, 100% laine du terroir Laurentien.<br \/> Oeuvre cr\u00e9e avec la participation des citoyens d&rsquo;Huberdeau et ses visiteurs dans le cadre du programme <br \/>\u00ab\u00a0<em>Je pARTicipe<\/em>\u00a0\u00bb de la MRC des Laurentides.<br \/> Cette r\u00e9alisation collective vise \u00e0 cr\u00e9er une synergie dans le village de Huberdeau et \u00e0 mettre en valeur cette rivi\u00e8re qui vit au rythme de la nature et des activit\u00e9s humaines depuis des mill\u00e9naires.<br \/> Cette oeuvre textile en feutre, visible en entrant par le pont, qui pris forme par l&rsquo;action des mains et de l&rsquo;entrain de tous \u00e2ges, invite les passants \u00e0 ouvrir leurs sens \u00e0 la beaut\u00e9 et la p\u00e9rennit\u00e9 de l&rsquo;environnement.<\/p>[\/et_pb_text][et_pb_text _builder_version=\u00a0\u00bb4.8.2&Prime; text_font=\u00a0\u00bbMontserrat||||\u00a0\u00bb text_text_color=\u00a0\u00bb#353740&Prime; text_font_size=\u00a0\u00bb18px\u00a0\u00bb text_line_height=\u00a0\u00bb1.5em\u00a0\u00bb background_size=\u00a0\u00bbinitial\u00a0\u00bb background_position=\u00a0\u00bbtop_left\u00a0\u00bb background_repeat=\u00a0\u00bbrepeat\u00a0\u00bb animation_style=\u00a0\u00bbflip\u00a0\u00bb animation_intensity_flip=\u00a0\u00bb20%\u00a0\u00bb]<p><em>\u00ab\u00a0Nous avons gagn\u00e9 une \u0153uvre d\u2019art pour la communaut\u00e9 et nous avons fait connaissance avec le monde de Diane Gonthier; ce sera une richesse qui nous restera, l\u2019int\u00e9r\u00eat pour le travail de la fibre, la compr\u00e9hension du feutrage, la personne elle-m\u00eame ouverte, souriante, g\u00e9n\u00e9reuse et aimante est un cadeau pour notre village.\u00a0Merci! \u00bb<\/em><\/p>[\/et_pb_text][\/et_pb_column][\/et_pb_row][\/et_pb_section][et_pb_section fb_built=\u00a0\u00bb1&Prime; make_equal=\u00a0\u00bbon\u00a0\u00bb use_custom_gutter=\u00a0\u00bbon\u00a0\u00bb gutter_width=\u00a0\u00bb1&Prime; specialty=\u00a0\u00bbon\u00a0\u00bb padding_top_1=\u00a0\u00bb0px\u00a0\u00bb admin_label=\u00a0\u00bbWork Section\u00a0\u00bb _builder_version=\u00a0\u00bb3.22&Prime; custom_padding=\u00a0\u00bb33px||48px|||\u00a0\u00bb locked=\u00a0\u00bboff\u00a0\u00bb][et_pb_column type=\u00a0\u00bb1_2&Prime; _builder_version=\u00a0\u00bb3.25&Prime; custom_padding=\u00a0\u00bb|||\u00a0\u00bb padding_top__hover=\u00a0\u00bb0px\u00a0\u00bb parallax__hover=\u00a0\u00bboff\u00a0\u00bb parallax_method__hover=\u00a0\u00bbon\u00a0\u00bb custom_padding__hover=\u00a0\u00bb|||\u00a0\u00bb][et_pb_image src=\u00a0\u00bbhttps:\/\/savoir-faire-textile.com\/wp-content\/uploads\/2021\/02\/au-fil-du-temps-de-leau3.jpg\u00a0\u00bb alt=\u00a0\u00bbAu fil du temps au fil de l&rsquo;eau &#8211; Les ateliers d&rsquo;un pas feutr\u00e9\u00a0\u00bb title_text=\u00a0\u00bbau-fil-du-temps-de-leau3&Prime; show_in_lightbox=\u00a0\u00bbon\u00a0\u00bb align_tablet=\u00a0\u00bbcenter\u00a0\u00bb align_phone=\u00a0\u00bb\u00a0\u00bb align_last_edited=\u00a0\u00bbon|desktop\u00a0\u00bb _builder_version=\u00a0\u00bb4.8.2&Prime; animation_style=\u00a0\u00bbflip\u00a0\u00bb box_shadow_style=\u00a0\u00bbpreset7&Prime; box_shadow_horizontal=\u00a0\u00bb0px\u00a0\u00bb box_shadow_vertical=\u00a0\u00bb0px\u00a0\u00bb box_shadow_spread=\u00a0\u00bb10px\u00a0\u00bb box_shadow_color=\u00a0\u00bb#ffffff\u00a0\u00bb][\/et_pb_image][\/et_pb_column][et_pb_column type=\u00a0\u00bb1_2&Prime; specialty_columns=\u00a0\u00bb2&Prime; _builder_version=\u00a0\u00bb3.25&Prime; custom_padding=\u00a0\u00bb|||\u00a0\u00bb parallax__hover=\u00a0\u00bboff\u00a0\u00bb parallax_method__hover=\u00a0\u00bbon\u00a0\u00bb custom_padding__hover=\u00a0\u00bb|||\u00a0\u00bb][et_pb_row_inner _builder_version=\u00a0\u00bb3.25&Prime; custom_padding=\u00a0\u00bb0px||0px|\u00a0\u00bb][et_pb_column_inner saved_specialty_column_type=\u00a0\u00bb1_2&Prime; _builder_version=\u00a0\u00bb3.25&Prime; custom_padding=\u00a0\u00bb|||\u00a0\u00bb parallax__hover=\u00a0\u00bboff\u00a0\u00bb parallax_method__hover=\u00a0\u00bbon\u00a0\u00bb custom_padding__hover=\u00a0\u00bb|||\u00a0\u00bb][et_pb_image src=\u00a0\u00bbhttps:\/\/savoir-faire-textile.com\/wp-content\/uploads\/2021\/02\/au-fil-du-temps-1.jpg\u00a0\u00bb alt=\u00a0\u00bbAu fil du temps au fil de l&rsquo;eau &#8211; Les ateliers d&rsquo;un pas feutr\u00e9\u00a0\u00bb title_text=\u00a0\u00bbau-fil-du-temps-1&Prime; show_in_lightbox=\u00a0\u00bbon\u00a0\u00bb align_tablet=\u00a0\u00bbcenter\u00a0\u00bb align_phone=\u00a0\u00bb\u00a0\u00bb align_last_edited=\u00a0\u00bbon|desktop\u00a0\u00bb _builder_version=\u00a0\u00bb4.8.2&Prime; animation_style=\u00a0\u00bbflip\u00a0\u00bb animation_direction=\u00a0\u00bbright\u00a0\u00bb box_shadow_style=\u00a0\u00bbpreset7&Prime; box_shadow_horizontal=\u00a0\u00bb0px\u00a0\u00bb box_shadow_vertical=\u00a0\u00bb0px\u00a0\u00bb box_shadow_spread=\u00a0\u00bb10px\u00a0\u00bb box_shadow_color=\u00a0\u00bb#ffffff\u00a0\u00bb][\/et_pb_image][\/et_pb_column_inner][\/et_pb_row_inner][et_pb_row_inner column_structure=\u00a0\u00bb1_2,1_2&Prime; _builder_version=\u00a0\u00bb3.25&Prime; custom_padding=\u00a0\u00bb0px||0px|\u00a0\u00bb][et_pb_column_inner type=\u00a0\u00bb1_2&Prime; saved_specialty_column_type=\u00a0\u00bb1_2&Prime; _builder_version=\u00a0\u00bb3.25&Prime; custom_padding=\u00a0\u00bb|||\u00a0\u00bb parallax__hover=\u00a0\u00bboff\u00a0\u00bb parallax_method__hover=\u00a0\u00bbon\u00a0\u00bb custom_padding__hover=\u00a0\u00bb|||\u00a0\u00bb][et_pb_image src=\u00a0\u00bbhttps:\/\/savoir-faire-textile.com\/wp-content\/uploads\/2021\/02\/au-fil-du-temps-de-leau5.jpg\u00a0\u00bb alt=\u00a0\u00bbAu fil du temps au fil de l&rsquo;eau &#8211; Les ateliers d&rsquo;un pas feutr\u00e9\u00a0\u00bb title_text=\u00a0\u00bbau-fil-du-temps-de-leau5&Prime; show_in_lightbox=\u00a0\u00bbon\u00a0\u00bb align_tablet=\u00a0\u00bbcenter\u00a0\u00bb align_phone=\u00a0\u00bb\u00a0\u00bb align_last_edited=\u00a0\u00bbon|desktop\u00a0\u00bb _builder_version=\u00a0\u00bb4.8.2&Prime; animation_style=\u00a0\u00bbflip\u00a0\u00bb animation_direction=\u00a0\u00bbright\u00a0\u00bb box_shadow_style=\u00a0\u00bbpreset7&Prime; box_shadow_horizontal=\u00a0\u00bb0px\u00a0\u00bb box_shadow_vertical=\u00a0\u00bb0px\u00a0\u00bb box_shadow_spread=\u00a0\u00bb10px\u00a0\u00bb box_shadow_color=\u00a0\u00bb#ffffff\u00a0\u00bb][\/et_pb_image][\/et_pb_column_inner][et_pb_column_inner type=\u00a0\u00bb1_2&Prime; saved_specialty_column_type=\u00a0\u00bb1_2&Prime; _builder_version=\u00a0\u00bb3.25&Prime; custom_padding=\u00a0\u00bb|||\u00a0\u00bb parallax__hover=\u00a0\u00bboff\u00a0\u00bb parallax_method__hover=\u00a0\u00bbon\u00a0\u00bb custom_padding__hover=\u00a0\u00bb|||\u00a0\u00bb][et_pb_image src=\u00a0\u00bbhttps:\/\/savoir-faire-textile.com\/wp-content\/uploads\/2021\/02\/au-fil-du-temps-de-leau4.jpg\u00a0\u00bb alt=\u00a0\u00bbAu fil du temps au fil de l&rsquo;eau &#8211; Les ateliers d&rsquo;un pas feutr\u00e9\u00a0\u00bb title_text=\u00a0\u00bbau-fil-du-temps-de-leau4&Prime; show_in_lightbox=\u00a0\u00bbon\u00a0\u00bb align_tablet=\u00a0\u00bbcenter\u00a0\u00bb align_phone=\u00a0\u00bb\u00a0\u00bb align_last_edited=\u00a0\u00bbon|desktop\u00a0\u00bb _builder_version=\u00a0\u00bb4.8.2&Prime; animation_style=\u00a0\u00bbflip\u00a0\u00bb animation_direction=\u00a0\u00bbright\u00a0\u00bb box_shadow_style=\u00a0\u00bbpreset7&Prime; box_shadow_horizontal=\u00a0\u00bb0px\u00a0\u00bb box_shadow_vertical=\u00a0\u00bb0px\u00a0\u00bb box_shadow_spread=\u00a0\u00bb10px\u00a0\u00bb box_shadow_color=\u00a0\u00bb#ffffff\u00a0\u00bb][\/et_pb_image][\/et_pb_column_inner][\/et_pb_row_inner][\/et_pb_column][\/et_pb_section][et_pb_section fb_built=\u00a0\u00bb1&Prime; _builder_version=\u00a0\u00bb4.8.2&Prime; _module_preset=\u00a0\u00bbdefault\u00a0\u00bb][et_pb_row _builder_version=\u00a0\u00bb4.8.2&Prime; _module_preset=\u00a0\u00bbdefault\u00a0\u00bb][et_pb_column type=\u00a0\u00bb4_4&Prime; _builder_version=\u00a0\u00bb4.8.2&Prime; _module_preset=\u00a0\u00bbdefault\u00a0\u00bb][et_pb_button button_url=\u00a0\u00bb\/portfolio-mediation-culturelle\/\u00a0\u00bb button_text=\u00a0\u00bbRETOUR AUX PROJETS\u00a0\u00bb button_alignment=\u00a0\u00bbcenter\u00a0\u00bb _builder_version=\u00a0\u00bb4.8.2&Prime; custom_button=\u00a0\u00bbon\u00a0\u00bb button_text_size=\u00a0\u00bb18px\u00a0\u00bb button_text_color=\u00a0\u00bb#000000&Prime; button_border_width=\u00a0\u00bb4px\u00a0\u00bb button_border_color=\u00a0\u00bb#000000&Prime; button_border_radius=\u00a0\u00bb100px\u00a0\u00bb button_letter_spacing=\u00a0\u00bb2px\u00a0\u00bb button_font=\u00a0\u00bbMontserrat|600||on|||||\u00a0\u00bb button_icon=\u00a0\u00bb%%2%%\u00a0\u00bb button_icon_placement=\u00a0\u00bbleft\u00a0\u00bb animation_style=\u00a0\u00bbfade\u00a0\u00bb button_text_color_hover=\u00a0\u00bb#ffffff\u00a0\u00bb button_border_color_hover=\u00a0\u00bb#ffffff\u00a0\u00bb button_letter_spacing_hover=\u00a0\u00bb2px\u00a0\u00bb button_bg_color_hover=\u00a0\u00bbrgba(0,0,0,0)\u00a0\u00bb locked=\u00a0\u00bboff\u00a0\u00bb button_text_size__hover_enabled=\u00a0\u00bboff\u00a0\u00bb button_one_text_size__hover_enabled=\u00a0\u00bboff\u00a0\u00bb button_two_text_size__hover_enabled=\u00a0\u00bboff\u00a0\u00bb button_text_color__hover_enabled=\u00a0\u00bbon\u00a0\u00bb button_text_color__hover=\u00a0\u00bb#D21871&Prime; button_one_text_color__hover_enabled=\u00a0\u00bboff\u00a0\u00bb button_two_text_color__hover_enabled=\u00a0\u00bboff\u00a0\u00bb button_border_width__hover_enabled=\u00a0\u00bboff\u00a0\u00bb button_one_border_width__hover_enabled=\u00a0\u00bboff\u00a0\u00bb button_two_border_width__hover_enabled=\u00a0\u00bboff\u00a0\u00bb button_border_color__hover_enabled=\u00a0\u00bbon\u00a0\u00bb button_border_color__hover=\u00a0\u00bb#D21871&Prime; button_one_border_color__hover_enabled=\u00a0\u00bboff\u00a0\u00bb button_two_border_color__hover_enabled=\u00a0\u00bboff\u00a0\u00bb button_border_radius__hover_enabled=\u00a0\u00bboff\u00a0\u00bb button_one_border_radius__hover_enabled=\u00a0\u00bboff\u00a0\u00bb button_two_border_radius__hover_enabled=\u00a0\u00bboff\u00a0\u00bb button_letter_spacing__hover_enabled=\u00a0\u00bbon\u00a0\u00bb button_letter_spacing__hover=\u00a0\u00bb2px\u00a0\u00bb button_one_letter_spacing__hover_enabled=\u00a0\u00bboff\u00a0\u00bb button_two_letter_spacing__hover_enabled=\u00a0\u00bboff\u00a0\u00bb button_bg_color__hover_enabled=\u00a0\u00bbon|hover\u00a0\u00bb button_bg_color__hover=\u00a0\u00bbRGBA(0,0,0,0)\u00a0\u00bb button_one_bg_color__hover_enabled=\u00a0\u00bboff\u00a0\u00bb button_two_bg_color__hover_enabled=\u00a0\u00bboff\u00a0\u00bb button_bg_enable_color__hover=\u00a0\u00bbon\u00a0\u00bb][\/et_pb_button][\/et_pb_column][\/et_pb_row][\/et_pb_section]\n","protected":false},"excerpt":{"rendered":"<p>En m\u00e9diation culturelleAu fil du temps, au fil de l&rsquo;eau &nbsp;2015 \u00ab Au fil du temps, au fil de l&rsquo;eau\u00a0\u00bb 4,88 m x 1,52 m, 100% laine du terroir Laurentien. Oeuvre cr\u00e9e avec la participation des citoyens d&rsquo;Huberdeau et ses visiteurs dans le cadre du programme \u00ab\u00a0Je pARTicipe\u00a0\u00bb de la MRC des Laurentides. Cette r\u00e9alisation [&hellip;]<\/p>\n","protected":false},"author":3,"featured_media":295,"comment_status":"closed","ping_status":"closed","template":"","meta":{"_et_pb_use_builder":"on","_et_pb_old_content":"","_et_gb_content_width":""},"project_category":[6],"project_tag":[],"yoast_head":"<!-- This site is optimized with the Yoast SEO plugin v20.7 - https:\/\/yoast.com\/wordpress\/plugins\/seo\/ -->\n<title>Au fil du temps, au fil de l&#039;eau - Diane Gonthier<\/title>\n<meta name=\"robots\" content=\"index, follow, max-snippet:-1, max-image-preview:large, max-video-preview:-1\" \/>\n<link rel=\"canonical\" href=\"https:\/\/www.savoir-faire-textile.com\/fr\/project\/au-fil-du-temps-au-fil-de-leau\/\" \/>\n<meta property=\"og:locale\" content=\"fr_FR\" \/>\n<meta property=\"og:type\" content=\"article\" \/>\n<meta property=\"og:title\" content=\"Au fil du temps, au fil de l&#039;eau - Diane Gonthier\" \/>\n<meta property=\"og:description\" content=\"En m\u00e9diation culturelleAu fil du temps, au fil de l&#039;eau &nbsp;2015 \u00ab Au fil du temps, au fil de l&#039;eau\u00a0\u00bb 4,88 m x 1,52 m, 100% laine du terroir Laurentien. Oeuvre cr\u00e9e avec la participation des citoyens d&#039;Huberdeau et ses visiteurs dans le cadre du programme &quot;Je pARTicipe&quot; de la MRC des Laurentides. Cette r\u00e9alisation [&hellip;]\" \/>\n<meta property=\"og:url\" content=\"https:\/\/www.savoir-faire-textile.com\/fr\/project\/au-fil-du-temps-au-fil-de-leau\/\" \/>\n<meta property=\"og:site_name\" content=\"Diane Gonthier\" \/>\n<meta property=\"article:modified_time\" content=\"2021-03-10T16:53:37+00:00\" \/>\n<meta property=\"og:image\" content=\"https:\/\/www.savoir-faire-textile.com\/wp-content\/uploads\/2021\/02\/au-fil-du-temps-de-leau1.jpg\" \/>\n\t<meta property=\"og:image:width\" content=\"800\" \/>\n\t<meta property=\"og:image:height\" content=\"400\" \/>\n\t<meta property=\"og:image:type\" content=\"image\/jpeg\" \/>\n<meta name=\"twitter:card\" content=\"summary_large_image\" \/>\n<meta name=\"twitter:label1\" content=\"Dur\u00e9e de lecture estim\u00e9e\" \/>\n\t<meta name=\"twitter:data1\" content=\"6 minutes\" \/>\n<script type=\"application\/ld+json\" class=\"yoast-schema-graph\">{\"@context\":\"https:\/\/schema.org\",\"@graph\":[{\"@type\":\"WebPage\",\"@id\":\"https:\/\/www.savoir-faire-textile.com\/fr\/project\/au-fil-du-temps-au-fil-de-leau\/\",\"url\":\"https:\/\/www.savoir-faire-textile.com\/fr\/project\/au-fil-du-temps-au-fil-de-leau\/\",\"name\":\"Au fil du temps, au fil de l'eau - Diane Gonthier\",\"isPartOf\":{\"@id\":\"https:\/\/www.savoir-faire-textile.com\/fr\/#website\"},\"datePublished\":\"2021-01-29T19:00:46+00:00\",\"dateModified\":\"2021-03-10T16:53:37+00:00\",\"breadcrumb\":{\"@id\":\"https:\/\/www.savoir-faire-textile.com\/fr\/project\/au-fil-du-temps-au-fil-de-leau\/#breadcrumb\"},\"inLanguage\":\"fr-FR\",\"potentialAction\":[{\"@type\":\"ReadAction\",\"target\":[\"https:\/\/www.savoir-faire-textile.com\/fr\/project\/au-fil-du-temps-au-fil-de-leau\/\"]}]},{\"@type\":\"BreadcrumbList\",\"@id\":\"https:\/\/www.savoir-faire-textile.com\/fr\/project\/au-fil-du-temps-au-fil-de-leau\/#breadcrumb\",\"itemListElement\":[{\"@type\":\"ListItem\",\"position\":1,\"name\":\"Accueil\",\"item\":\"https:\/\/www.savoir-faire-textile.com\/fr\/\"},{\"@type\":\"ListItem\",\"position\":2,\"name\":\"Projects\",\"item\":\"https:\/\/www.savoir-faire-textile.com\/en\/project\/\"},{\"@type\":\"ListItem\",\"position\":3,\"name\":\"Au fil du temps, au fil de l&rsquo;eau\"}]},{\"@type\":\"WebSite\",\"@id\":\"https:\/\/www.savoir-faire-textile.com\/fr\/#website\",\"url\":\"https:\/\/www.savoir-faire-textile.com\/fr\/\",\"name\":\"Diane Gonthier\",\"description\":\"Savoir Faire Textile\",\"publisher\":{\"@id\":\"https:\/\/www.savoir-faire-textile.com\/fr\/#organization\"},\"potentialAction\":[{\"@type\":\"SearchAction\",\"target\":{\"@type\":\"EntryPoint\",\"urlTemplate\":\"https:\/\/www.savoir-faire-textile.com\/fr\/?s={search_term_string}\"},\"query-input\":\"required name=search_term_string\"}],\"inLanguage\":\"fr-FR\"},{\"@type\":\"Organization\",\"@id\":\"https:\/\/www.savoir-faire-textile.com\/fr\/#organization\",\"name\":\"Les ateliers d'un pas feutr\u00e9\",\"url\":\"https:\/\/www.savoir-faire-textile.com\/fr\/\",\"logo\":{\"@type\":\"ImageObject\",\"inLanguage\":\"fr-FR\",\"@id\":\"https:\/\/www.savoir-faire-textile.com\/fr\/#\/schema\/logo\/image\/\",\"url\":\"https:\/\/www.savoir-faire-textile.com\/wp-content\/uploads\/2021\/02\/logo-web-les-ateliers.jpg\",\"contentUrl\":\"https:\/\/www.savoir-faire-textile.com\/wp-content\/uploads\/2021\/02\/logo-web-les-ateliers.jpg\",\"width\":487,\"height\":200,\"caption\":\"Les ateliers d'un pas feutr\u00e9\"},\"image\":{\"@id\":\"https:\/\/www.savoir-faire-textile.com\/fr\/#\/schema\/logo\/image\/\"}}]}<\/script>\n<!-- \/ Yoast SEO plugin. -->","yoast_head_json":{"title":"Au fil du temps, au fil de l'eau - Diane Gonthier","robots":{"index":"index","follow":"follow","max-snippet":"max-snippet:-1","max-image-preview":"max-image-preview:large","max-video-preview":"max-video-preview:-1"},"canonical":"https:\/\/www.savoir-faire-textile.com\/fr\/project\/au-fil-du-temps-au-fil-de-leau\/","og_locale":"fr_FR","og_type":"article","og_title":"Au fil du temps, au fil de l'eau - Diane Gonthier","og_description":"En m\u00e9diation culturelleAu fil du temps, au fil de l'eau &nbsp;2015 \u00ab Au fil du temps, au fil de l'eau\u00a0\u00bb 4,88 m x 1,52 m, 100% laine du terroir Laurentien. Oeuvre cr\u00e9e avec la participation des citoyens d'Huberdeau et ses visiteurs dans le cadre du programme \"Je pARTicipe\" de la MRC des Laurentides. Cette r\u00e9alisation [&hellip;]","og_url":"https:\/\/www.savoir-faire-textile.com\/fr\/project\/au-fil-du-temps-au-fil-de-leau\/","og_site_name":"Diane Gonthier","article_modified_time":"2021-03-10T16:53:37+00:00","og_image":[{"width":800,"height":400,"url":"https:\/\/www.savoir-faire-textile.com\/wp-content\/uploads\/2021\/02\/au-fil-du-temps-de-leau1.jpg","type":"image\/jpeg"}],"twitter_card":"summary_large_image","twitter_misc":{"Dur\u00e9e de lecture estim\u00e9e":"6 minutes"},"schema":{"@context":"https:\/\/schema.org","@graph":[{"@type":"WebPage","@id":"https:\/\/www.savoir-faire-textile.com\/fr\/project\/au-fil-du-temps-au-fil-de-leau\/","url":"https:\/\/www.savoir-faire-textile.com\/fr\/project\/au-fil-du-temps-au-fil-de-leau\/","name":"Au fil du temps, au fil de l'eau - Diane Gonthier","isPartOf":{"@id":"https:\/\/www.savoir-faire-textile.com\/fr\/#website"},"datePublished":"2021-01-29T19:00:46+00:00","dateModified":"2021-03-10T16:53:37+00:00","breadcrumb":{"@id":"https:\/\/www.savoir-faire-textile.com\/fr\/project\/au-fil-du-temps-au-fil-de-leau\/#breadcrumb"},"inLanguage":"fr-FR","potentialAction":[{"@type":"ReadAction","target":["https:\/\/www.savoir-faire-textile.com\/fr\/project\/au-fil-du-temps-au-fil-de-leau\/"]}]},{"@type":"BreadcrumbList","@id":"https:\/\/www.savoir-faire-textile.com\/fr\/project\/au-fil-du-temps-au-fil-de-leau\/#breadcrumb","itemListElement":[{"@type":"ListItem","position":1,"name":"Accueil","item":"https:\/\/www.savoir-faire-textile.com\/fr\/"},{"@type":"ListItem","position":2,"name":"Projects","item":"https:\/\/www.savoir-faire-textile.com\/en\/project\/"},{"@type":"ListItem","position":3,"name":"Au fil du temps, au fil de l&rsquo;eau"}]},{"@type":"WebSite","@id":"https:\/\/www.savoir-faire-textile.com\/fr\/#website","url":"https:\/\/www.savoir-faire-textile.com\/fr\/","name":"Diane Gonthier","description":"Savoir Faire Textile","publisher":{"@id":"https:\/\/www.savoir-faire-textile.com\/fr\/#organization"},"potentialAction":[{"@type":"SearchAction","target":{"@type":"EntryPoint","urlTemplate":"https:\/\/www.savoir-faire-textile.com\/fr\/?s={search_term_string}"},"query-input":"required name=search_term_string"}],"inLanguage":"fr-FR"},{"@type":"Organization","@id":"https:\/\/www.savoir-faire-textile.com\/fr\/#organization","name":"Les ateliers d'un pas feutr\u00e9","url":"https:\/\/www.savoir-faire-textile.com\/fr\/","logo":{"@type":"ImageObject","inLanguage":"fr-FR","@id":"https:\/\/www.savoir-faire-textile.com\/fr\/#\/schema\/logo\/image\/","url":"https:\/\/www.savoir-faire-textile.com\/wp-content\/uploads\/2021\/02\/logo-web-les-ateliers.jpg","contentUrl":"https:\/\/www.savoir-faire-textile.com\/wp-content\/uploads\/2021\/02\/logo-web-les-ateliers.jpg","width":487,"height":200,"caption":"Les ateliers d'un pas feutr\u00e9"},"image":{"@id":"https:\/\/www.savoir-faire-textile.com\/fr\/#\/schema\/logo\/image\/"}}]}},"_links":{"self":[{"href":"https:\/\/www.savoir-faire-textile.com\/fr\/wp-json\/wp\/v2\/project\/293"}],"collection":[{"href":"https:\/\/www.savoir-faire-textile.com\/fr\/wp-json\/wp\/v2\/project"}],"about":[{"href":"https:\/\/www.savoir-faire-textile.com\/fr\/wp-json\/wp\/v2\/types\/project"}],"author":[{"embeddable":true,"href":"https:\/\/www.savoir-faire-textile.com\/fr\/wp-json\/wp\/v2\/users\/3"}],"replies":[{"embeddable":true,"href":"https:\/\/www.savoir-faire-textile.com\/fr\/wp-json\/wp\/v2\/comments?post=293"}],"version-history":[{"count":4,"href":"https:\/\/www.savoir-faire-textile.com\/fr\/wp-json\/wp\/v2\/project\/293\/revisions"}],"predecessor-version":[{"id":27176,"href":"https:\/\/www.savoir-faire-textile.com\/fr\/wp-json\/wp\/v2\/project\/293\/revisions\/27176"}],"wp:featuredmedia":[{"embeddable":true,"href":"https:\/\/www.savoir-faire-textile.com\/fr\/wp-json\/wp\/v2\/media\/295"}],"wp:attachment":[{"href":"https:\/\/www.savoir-faire-textile.com\/fr\/wp-json\/wp\/v2\/media?parent=293"}],"wp:term":[{"taxonomy":"project_category","embeddable":true,"href":"https:\/\/www.savoir-faire-textile.com\/fr\/wp-json\/wp\/v2\/project_category?post=293"},{"taxonomy":"project_tag","embeddable":true,"href":"https:\/\/www.savoir-faire-textile.com\/fr\/wp-json\/wp\/v2\/project_tag?post=293"}],"curies":[{"name":"wp","href":"https:\/\/api.w.org\/{rel}","templated":true}]}}